{"id":229,"date":"2022-07-18T13:05:33","date_gmt":"2022-07-18T11:05:33","guid":{"rendered":"http:\/\/hoplatransition.org\/?page_id=229"},"modified":"2026-09-04T18:48:12","modified_gmt":"2026-09-04T16:48:12","slug":"prochains-ateliers-et-conferences-grand-public","status":"publish","type":"page","link":"https:\/\/hoplatransition.org\/index.php\/prochains-ateliers-et-conferences-grand-public\/","title":{"rendered":"Les prochains ateliers et conf\u00e9rences grand public"},"content":{"rendered":"\n<p class=\"has-medium-font-size wp-block-paragraph\">Avec ses soir\u00e9es \u00e0 th\u00e8mes, ses conf\u00e9rences, sa pr\u00e9sence sur des \u00e9v\u00e8nements ponctuels \u00e0 cot\u00e9 d&#8217;autres associations ou de collectivit\u00e9s, ou bien avec ses grandes soir\u00e9es &#8220;On y est Fresque&#8221;, Hop La Transition rythme le calendrier alsacien de la transition \u00e9cologique et sociale. Et toujours dans la bonne humeur \ud83d\ude42<\/p>\n\n\n\n<hr class=\"wp-block-separator has-alpha-channel-opacity\"\/>\n\n\n\n<div class=\"wp-block-media-text alignwide is-stacked-on-mobile has-light-green-cyan-background-color has-background\" style=\"grid-template-columns:36% auto\"><figure class=\"wp-block-media-text__media\"><img loading=\"lazy\" decoding=\"async\" width=\"724\" height=\"1024\" src=\"https:\/\/hoplatransition.org\/wp-content\/uploads\/2026\/07\/Affiche-on-y-est-fresque-Numerique-sept-2026-template-nouvelle-charte-non-definitif-1-724x1024.png\" alt=\"\" class=\"wp-image-3560 size-full\" srcset=\"https:\/\/hoplatransition.org\/wp-content\/uploads\/2026\/07\/Affiche-on-y-est-fresque-Numerique-sept-2026-template-nouvelle-charte-non-definitif-1-724x1024.png 724w, https:\/\/hoplatransition.org\/wp-content\/uploads\/2026\/07\/Affiche-on-y-est-fresque-Numerique-sept-2026-template-nouvelle-charte-non-definitif-1-212x300.png 212w, https:\/\/hoplatransition.org\/wp-content\/uploads\/2026\/07\/Affiche-on-y-est-fresque-Numerique-sept-2026-template-nouvelle-charte-non-definitif-1-768x1086.png 768w, https:\/\/hoplatransition.org\/wp-content\/uploads\/2026\/07\/Affiche-on-y-est-fresque-Numerique-sept-2026-template-nouvelle-charte-non-definitif-1-1086x1536.png 1086w, https:\/\/hoplatransition.org\/wp-content\/uploads\/2026\/07\/Affiche-on-y-est-fresque-Numerique-sept-2026-template-nouvelle-charte-non-definitif-1.png 1414w\" sizes=\"auto, (max-width: 724px) 100vw, 724px\" \/><\/figure><div class=\"wp-block-media-text__content\">\n<div style=\"height:28px\" aria-hidden=\"true\" class=\"wp-block-spacer\"><\/div>\n\n\n\n<h2 class=\"wp-block-heading has-text-align-center\" style=\"font-size:27px\"><strong>SOIREE DE SENSIBILISATION PAR LE JEU<\/strong><\/h2>\n\n\n\n<p class=\"has-text-align-center has-medium-font-size wp-block-paragraph\"><strong>ON Y EST FRESQUE<\/strong> <\/p>\n\n\n\n<p class=\"has-text-align-center has-medium-font-size wp-block-paragraph\"><strong>SPECIAL NUMERIQUE ET IA<\/strong><\/p>\n\n\n\n<h2 class=\"wp-block-heading has-text-align-center\" style=\"font-size:27px\">STRASBOURG<\/h2>\n\n\n\n<p class=\"has-text-align-center has-medium-font-size wp-block-paragraph\"><strong>Jeud 17 septembre<\/strong><\/p>\n\n\n\n<p class=\"has-text-align-center wp-block-paragraph\">Au Shadok (25 Presqu\u2019\u00eele Andr\u00e9 Malraux)<\/p>\n\n\n\n<p class=\"has-text-align-center has-small-font-size wp-block-paragraph\"><\/p>\n\n\n\n<p class=\"wp-block-paragraph\">4 ateliers seront propos\u00e9s : la Fresque du Num\u00e9rique, la Bataille de l&#8217;IA, le Casse-t\u00eate de l&#8217;IA g\u00e9n\u00e9rative, et enfin une variante de la &#8220;toile des techs&#8221;, avec une approche du num\u00e9rique sous l&#8217;angle low-tech.<\/p>\n\n\n\n<p class=\"wp-block-paragraph\">Certains n&#8217;ont encore jamais \u00e9t\u00e9 anim\u00e9s dans la r\u00e9gion !<\/p>\n\n\n\n<p class=\"wp-block-paragraph\"><em>Cet \u00e9v\u00e8nement est une collaboration entre Hop&#8217;la Transition et le collectif NRGE (Num\u00e9rique Responsable Grand Est).<\/em><\/p>\n\n\n\n<p class=\"wp-block-paragraph\">Un lien d&#8217;inscription sera communiqu\u00e9 dans la prochaine newsletter et sera disponible sur notre site internet prochainement.&nbsp;<\/p>\n\n\n\n<div class=\"wp-block-group\"><div class=\"wp-block-group__inner-container is-layout-constrained wp-block-group-is-layout-constrained\">\n<p class=\"wp-block-paragraph\"><\/p>\n<\/div><\/div>\n\n\n\n<div class=\"wp-block-buttons is-content-justification-center is-layout-flex wp-container-core-buttons-is-layout-fe48e5de wp-block-buttons-is-layout-flex\">\n<div class=\"wp-block-button\"><a class=\"wp-block-button__link has-text-align-center wp-element-button\" href=\"https:\/\/www.helloasso.com\/associations\/hop-la-transition\/evenements\/on-y-est-fresque-special-numerique-et-ia-strasbourg-17-09-2026\" style=\"border-radius:0px\" target=\"_blank\" rel=\"noopener\">Je m&#8217;inscris<\/a><\/div>\n<\/div>\n\n\n\n<div style=\"height:28px\" aria-hidden=\"true\" class=\"wp-block-spacer\"><\/div>\n<\/div><\/div>\n\n\n\n<hr class=\"wp-block-separator has-alpha-channel-opacity\"\/>\n\n\n\n<div class=\"wp-block-columns alignwide is-layout-flex wp-container-core-columns-is-layout-92126d18 wp-block-columns-is-layout-flex\" style=\"margin-bottom:0\">\n<div class=\"wp-block-column has-text-color has-background has-link-color wp-elements-1 is-layout-flow wp-block-column-is-layout-flow\" style=\"color:#000000;background-color:#eeddfe;padding-top:2em;padding-right:2em;padding-bottom:2em;padding-left:2em\">\n<h2 class=\"wp-block-heading has-text-align-center\" id=\"single\" style=\"font-size:27px\"><strong>Fresque de la Renaissance Ecologique<\/strong><\/h2>\n\n\n\n<h2 class=\"wp-block-heading has-text-align-center\" id=\"single\" style=\"font-size:27px\">Herrlisheim (Bas-Rhin)<\/h2>\n\n\n\n<p class=\"has-text-align-center has-medium-font-size wp-block-paragraph\" style=\"line-height:1.5\"><span><strong style=\"font-weight: bold;\">Vendredi 18 septembre de 19h \u00e0 22h<\/strong><\/span><\/p>\n\n\n\n<p class=\"has-text-align-center wp-block-paragraph\">A la biblioth\u00e8que de Herrlisheim<\/p>\n\n\n\n<p class=\"has-text-align-center has-small-font-size wp-block-paragraph\">Animation dans le cadre des semaines du d\u00e9veloppement durable.<\/p>\n\n\n<div class=\"wp-block-image\">\n<figure class=\"aligncenter size-full is-resized\"><img loading=\"lazy\" decoding=\"async\" width=\"508\" height=\"254\" src=\"http:\/\/hoplatransition.org\/wp-content\/uploads\/2023\/09\/logo_renaissance-ecologique-e1695718439449.png\" alt=\"\" class=\"wp-image-1984\" style=\"width:224px;height:auto\" srcset=\"https:\/\/hoplatransition.org\/wp-content\/uploads\/2023\/09\/logo_renaissance-ecologique-e1695718439449.png 508w, https:\/\/hoplatransition.org\/wp-content\/uploads\/2023\/09\/logo_renaissance-ecologique-e1695718439449-300x150.png 300w\" sizes=\"auto, (max-width: 508px) 100vw, 508px\" \/><\/figure>\n<\/div>\n\n\n<hr class=\"wp-block-separator has-text-color has-css-opacity has-background is-style-wide\" style=\"background-color:#000000;color:#000000\"\/>\n\n\n\n<div class=\"wp-block-buttons alignfull is-horizontal is-content-justification-center is-layout-flex wp-container-core-buttons-is-layout-7d812b4c wp-block-buttons-is-layout-flex\">\n<div style=\"--wp--block-button--width: 100;\" class=\"wp-block-button has-custom-width wp-block-button__width wp-block-button__width-100\"><a class=\"wp-block-button__link has-white-color has-text-color has-background no-border-radius wp-element-button\" style=\"background-color:#000000\">Je m&#8217;inscris : aupr\u00e8s de la biblioth\u00e8que au&nbsp;03 88 25 07 70<\/a><\/div>\n<\/div>\n<\/div>\n<\/div>\n\n\n\n<p class=\"wp-block-paragraph\"><\/p>\n\n\n\n<div class=\"wp-block-group alignfull has-text-color has-background\" style=\"color:#000000;background-color:#ffffff\"><div class=\"wp-block-group__inner-container is-layout-flow wp-block-group-is-layout-flow\"><\/div><\/div>\n","protected":false},"excerpt":{"rendered":"<p>Avec ses soir\u00e9es \u00e0 th\u00e8mes, ses conf\u00e9rences, sa pr\u00e9sence sur des \u00e9v\u00e8nements ponctuels \u00e0 cot\u00e9 d&#8217;autres associations ou de collectivit\u00e9s, ou bien avec ses grandes soir\u00e9es &#8220;On y est Fresque&#8221;, Hop La Transition rythme le calendrier alsacien de la transition \u00e9cologique et sociale. Et toujours dans la bonne humeur \ud83d\ude42 Fresque de la Renaissance Ecologique [&hellip;]<\/p>\n","protected":false},"author":1,"featured_media":0,"parent":0,"menu_order":0,"comment_status":"closed","ping_status":"closed","template":"","meta":{"_seopress_robots_primary_cat":"","_mc_calendar":[],"footnotes":""},"class_list":["post-229","page","type-page","status-publish","hentry"],"_links":{"self":[{"href":"https:\/\/hoplatransition.org\/index.php\/wp-json\/wp\/v2\/pages\/229","targetHints":{"allow":["GET"]}}],"collection":[{"href":"https:\/\/hoplatransition.org\/index.php\/wp-json\/wp\/v2\/pages"}],"about":[{"href":"https:\/\/hoplatransition.org\/index.php\/wp-json\/wp\/v2\/types\/page"}],"author":[{"embeddable":true,"href":"https:\/\/hoplatransition.org\/index.php\/wp-json\/wp\/v2\/users\/1"}],"replies":[{"embeddable":true,"href":"https:\/\/hoplatransition.org\/index.php\/wp-json\/wp\/v2\/comments?post=229"}],"version-history":[{"count":386,"href":"https:\/\/hoplatransition.org\/index.php\/wp-json\/wp\/v2\/pages\/229\/revisions"}],"predecessor-version":[{"id":3610,"href":"https:\/\/hoplatransition.org\/index.php\/wp-json\/wp\/v2\/pages\/229\/revisions\/3610"}],"wp:attachment":[{"href":"https:\/\/hoplatransition.org\/index.php\/wp-json\/wp\/v2\/media?parent=229"}],"curies":[{"name":"wp","href":"https:\/\/api.w.org\/{rel}","templated":true}]}}