{"id":2021,"date":"2023-09-28T09:48:45","date_gmt":"2023-09-28T07:48:45","guid":{"rendered":"https:\/\/hoplatransition.org\/?page_id=2021"},"modified":"2026-07-29T14:38:09","modified_gmt":"2026-07-29T12:38:09","slug":"nos-stands-lors-devenements","status":"publish","type":"page","link":"https:\/\/hoplatransition.org\/index.php\/nos-stands-lors-devenements\/","title":{"rendered":"Nos prochains stands et conf\u00e9rences lors d&#8217;\u00e9v\u00e9nements"},"content":{"rendered":"\n<h2 class=\"wp-block-heading\"><strong>RETROUVEZ-NOUS PROCHAINEMENT LORS D&#8217;EVENEMENTS  EN ALSACE !<\/strong><\/h2>\n\n\n\n<p class=\"has-medium-font-size wp-block-paragraph\">Les b\u00e9n\u00e9voles de l\u2019association tiennent r\u00e9guli\u00e8rement des stands ou des conf\u00e9rences lors d&#8217;\u00e9v\u00e8nements. Retrouvez-nous sur nos stands partout en Alsace. <\/p>\n\n\n\n<p class=\"has-medium-font-size wp-block-paragraph\">Nous avons h\u00e2te de vous y retrouver !<\/p>\n\n\n\n<div class=\"wp-block-columns is-layout-flex wp-container-core-columns-is-layout-8f761849 wp-block-columns-is-layout-flex\">\n<div class=\"wp-block-column has-light-green-cyan-background-color has-background is-layout-flow wp-block-column-is-layout-flow\">\n<div style=\"height:30px\" aria-hidden=\"true\" class=\"wp-block-spacer\"><\/div>\n\n\n\n<div style=\"height:40px\" aria-hidden=\"true\" class=\"wp-block-spacer\"><\/div>\n\n\n\n<p class=\"has-text-align-center has-piscolabis-font-family has-large-font-size wp-block-paragraph\"><strong>A KINGERSHEIM au &#8220;Festival de l&#8217;Avenir&#8221;<\/strong><\/p>\n\n\n\n<div style=\"height:63px\" aria-hidden=\"true\" class=\"wp-block-spacer\"><\/div>\n\n\n\n<p class=\"has-text-align-center has-piscolabis-font-family has-large-font-size wp-block-paragraph\"><strong><strong>&nbsp;Samedi 29 ao\u00fbt&nbsp;de 14h \u00e0 15h<\/strong><\/strong><\/p>\n\n\n\n<p class=\"has-text-align-center has-medium-font-size wp-block-paragraph\">au Sheds (2a rue d&#8217;Illzach)<\/p>\n\n\n\n<p class=\"has-text-align-center wp-block-paragraph\"><em>Nous animerons un escape game de l&#8217;alimentation<\/em><\/p>\n\n\n\n<p class=\"wp-block-paragraph\"><\/p>\n\n\n\n<div class=\"wp-block-buttons is-content-justification-center is-layout-flex wp-container-core-buttons-is-layout-fe48e5de wp-block-buttons-is-layout-flex\">\n<div class=\"wp-block-button\"><a class=\"wp-block-button__link wp-element-button\" href=\"https:\/\/fb.me\/e\/2255Pjmrlr\" target=\"_blank\" rel=\"noreferrer noopener\">Pour en savoir plus !<\/a><\/div>\n<\/div>\n\n\n\n<div style=\"height:30px\" aria-hidden=\"true\" class=\"wp-block-spacer\"><\/div>\n\n\n<div class=\"wp-block-image\">\n<figure class=\"aligncenter size-full is-resized\"><img loading=\"lazy\" decoding=\"async\" width=\"691\" height=\"913\" src=\"http:\/\/hoplatransition.org\/wp-content\/uploads\/2026\/07\/Festival-de-lavenir-2026-Sheds.jpg\" alt=\"\" class=\"wp-image-3574\" style=\"aspect-ratio:0.7568643522042034;width:252px;height:auto\" srcset=\"https:\/\/hoplatransition.org\/wp-content\/uploads\/2026\/07\/Festival-de-lavenir-2026-Sheds.jpg 691w, https:\/\/hoplatransition.org\/wp-content\/uploads\/2026\/07\/Festival-de-lavenir-2026-Sheds-227x300.jpg 227w\" sizes=\"auto, (max-width: 691px) 100vw, 691px\" \/><\/figure>\n<\/div>\n\n\n<div style=\"height:30px\" aria-hidden=\"true\" class=\"wp-block-spacer\"><\/div>\n<\/div>\n\n\n\n<div class=\"wp-block-column has-light-green-cyan-background-color has-background is-layout-flow wp-block-column-is-layout-flow\">\n<div style=\"height:30px\" aria-hidden=\"true\" class=\"wp-block-spacer\"><\/div>\n\n\n\n<div style=\"height:40px\" aria-hidden=\"true\" class=\"wp-block-spacer\"><\/div>\n\n\n\n<p class=\"has-text-align-center has-piscolabis-font-family has-large-font-size wp-block-paragraph\"><strong>A HERRLISHEIM (Bas-Rhin) \u00e0 &#8220;L&#8217;Herr&#8217;libre&#8221;<\/strong><\/p>\n\n\n\n<div style=\"height:63px\" aria-hidden=\"true\" class=\"wp-block-spacer\"><\/div>\n\n\n\n<p class=\"has-text-align-center has-piscolabis-font-family has-large-font-size wp-block-paragraph\"><strong>Samedi 5 septembre de 15h \u00e0 23h<\/strong><\/p>\n\n\n\n<p class=\"has-text-align-center has-medium-font-size wp-block-paragraph\">au parc de l&#8217;Ecluse<\/p>\n\n\n\n<p class=\"has-text-align-center wp-block-paragraph\"><em>Au programme :&nbsp;des animations pour toute la famille<\/em><\/p>\n\n\n\n<p class=\"wp-block-paragraph\"><\/p>\n\n\n\n<div class=\"wp-block-buttons is-content-justification-center is-layout-flex wp-container-core-buttons-is-layout-fe48e5de wp-block-buttons-is-layout-flex\">\n<div class=\"wp-block-button\"><a class=\"wp-block-button__link wp-element-button\" href=\"https:\/\/www.herrlisheim.fr\/Agenda\/HERR-LIBRE-3-03764.html\" target=\"_blank\" rel=\"noreferrer noopener\">Pour en savoir plus !<\/a><\/div>\n<\/div>\n\n\n\n<div style=\"height:30px\" aria-hidden=\"true\" class=\"wp-block-spacer\"><\/div>\n\n\n<div class=\"wp-block-image\">\n<figure class=\"aligncenter size-full is-resized\"><img loading=\"lazy\" decoding=\"async\" width=\"1000\" height=\"571\" src=\"http:\/\/hoplatransition.org\/wp-content\/uploads\/2026\/07\/Herrlibre.jpg\" alt=\"\" class=\"wp-image-3599\" style=\"aspect-ratio:1.4144661308840414;width:301px;height:auto\" srcset=\"https:\/\/hoplatransition.org\/wp-content\/uploads\/2026\/07\/Herrlibre.jpg 1000w, https:\/\/hoplatransition.org\/wp-content\/uploads\/2026\/07\/Herrlibre-300x171.jpg 300w, https:\/\/hoplatransition.org\/wp-content\/uploads\/2026\/07\/Herrlibre-768x439.jpg 768w\" sizes=\"auto, (max-width: 1000px) 100vw, 1000px\" \/><\/figure>\n<\/div>\n\n\n<div style=\"height:30px\" aria-hidden=\"true\" class=\"wp-block-spacer\"><\/div>\n<\/div>\n<\/div>\n\n\n\n<div class=\"wp-block-columns is-layout-flex wp-container-core-columns-is-layout-8f761849 wp-block-columns-is-layout-flex\">\n<div class=\"wp-block-column has-light-green-cyan-background-color has-background is-layout-flow wp-block-column-is-layout-flow\">\n<div style=\"height:30px\" aria-hidden=\"true\" class=\"wp-block-spacer\"><\/div>\n\n\n\n<div style=\"height:40px\" aria-hidden=\"true\" class=\"wp-block-spacer\"><\/div>\n\n\n\n<p class=\"has-text-align-center has-piscolabis-font-family has-large-font-size wp-block-paragraph\"><strong>A <strong><strong><strong>MULHOUSE&nbsp;\u00e0 Explor&#8217;Assos<\/strong><\/strong><\/strong><\/strong><\/p>\n\n\n\n<div style=\"height:63px\" aria-hidden=\"true\" class=\"wp-block-spacer\"><\/div>\n\n\n\n<p class=\"has-text-align-center has-piscolabis-font-family has-large-font-size wp-block-paragraph\"><strong><strong>&nbsp;<strong>Dimanche 6 septembre&nbsp;de 10h \u00e0 17h<\/strong><\/strong><\/strong><\/p>\n\n\n\n<p class=\"has-text-align-center has-medium-font-size wp-block-paragraph\">au Parc Expo<\/p>\n\n\n\n<p class=\"has-text-align-center wp-block-paragraph\"><em>C&#8217;est LE forum de rentr\u00e9e des associations mulhousiennes, organis\u00e9 par la Ville de Mulhouse<\/em><\/p>\n\n\n\n<p class=\"wp-block-paragraph\"><\/p>\n\n\n\n<div class=\"wp-block-buttons is-content-justification-center is-layout-flex wp-container-core-buttons-is-layout-fe48e5de wp-block-buttons-is-layout-flex\">\n<div class=\"wp-block-button\"><a class=\"wp-block-button__link wp-element-button\" href=\"https:\/\/www.parcexpo.fr\/evenement\/explorassos\/\" target=\"_blank\" rel=\"noreferrer noopener\">Pour en savoir plus !<\/a><\/div>\n<\/div>\n\n\n\n<div style=\"height:30px\" aria-hidden=\"true\" class=\"wp-block-spacer\"><\/div>\n\n\n<div class=\"wp-block-image\">\n<figure class=\"aligncenter size-full is-resized\"><img loading=\"lazy\" decoding=\"async\" width=\"275\" height=\"183\" src=\"http:\/\/hoplatransition.org\/wp-content\/uploads\/2025\/07\/Explor-assos.jpeg\" alt=\"\" class=\"wp-image-3097\" style=\"aspect-ratio:1.4144661308840414;width:301px;height:auto\"\/><\/figure>\n<\/div>\n\n\n<div style=\"height:30px\" aria-hidden=\"true\" class=\"wp-block-spacer\"><\/div>\n<\/div>\n\n\n\n<div class=\"wp-block-column has-light-green-cyan-background-color has-background is-layout-flow wp-block-column-is-layout-flow\">\n<div style=\"height:30px\" aria-hidden=\"true\" class=\"wp-block-spacer\"><\/div>\n\n\n\n<div style=\"height:40px\" aria-hidden=\"true\" class=\"wp-block-spacer\"><\/div>\n\n\n\n<p class=\"has-text-align-center has-piscolabis-font-family has-large-font-size wp-block-paragraph\"><strong>A <strong><strong>WALBACH&nbsp;<\/strong>(Haut-Rhin) <\/strong>lors de la journ\u00e9e familiale autour du projet &#8220;Ecologie et pratiques artistiques en territoire&#8221;<\/strong><\/p>\n\n\n\n<p class=\"has-text-align-center has-piscolabis-font-family has-large-font-size wp-block-paragraph\"><strong>Samedi 12 septembre<\/strong><\/p>\n\n\n\n<p class=\"has-text-align-center has-medium-font-size wp-block-paragraph\"><\/p>\n\n\n\n<p class=\"has-text-align-center wp-block-paragraph\"><em>Au programme :&nbsp;<em>ateliers, spectacle et pr\u00e9sence d&#8217;acteurs du territoire autour du th\u00e8me de l&#8217;alimentation durable<\/em><\/em><\/p>\n\n\n\n<p class=\"wp-block-paragraph\"><\/p>\n\n\n\n<div class=\"wp-block-buttons is-content-justification-center is-layout-flex wp-container-core-buttons-is-layout-fe48e5de wp-block-buttons-is-layout-flex\"><\/div>\n\n\n\n<div style=\"height:30px\" aria-hidden=\"true\" class=\"wp-block-spacer\"><\/div>\n\n\n<div class=\"wp-block-image\">\n<figure class=\"aligncenter size-full is-resized\"><img loading=\"lazy\" decoding=\"async\" width=\"736\" height=\"416\" src=\"http:\/\/hoplatransition.org\/wp-content\/uploads\/2026\/07\/Walbach-Ecologie-et-pratiques-artistiques.jpg\" alt=\"\" class=\"wp-image-3575\" style=\"aspect-ratio:1.4144661308840414;width:265px;height:auto\" srcset=\"https:\/\/hoplatransition.org\/wp-content\/uploads\/2026\/07\/Walbach-Ecologie-et-pratiques-artistiques.jpg 736w, https:\/\/hoplatransition.org\/wp-content\/uploads\/2026\/07\/Walbach-Ecologie-et-pratiques-artistiques-300x170.jpg 300w\" sizes=\"auto, (max-width: 736px) 100vw, 736px\" \/><\/figure>\n<\/div>\n\n\n<div style=\"height:30px\" aria-hidden=\"true\" class=\"wp-block-spacer\"><\/div>\n<\/div>\n<\/div>\n\n\n\n<div class=\"wp-block-columns is-layout-flex wp-container-core-columns-is-layout-8f761849 wp-block-columns-is-layout-flex\">\n<div class=\"wp-block-column has-light-green-cyan-background-color has-background is-layout-flow wp-block-column-is-layout-flow\">\n<div style=\"height:30px\" aria-hidden=\"true\" class=\"wp-block-spacer\"><\/div>\n\n\n\n<div style=\"height:40px\" aria-hidden=\"true\" class=\"wp-block-spacer\"><\/div>\n\n\n\n<p class=\"has-text-align-center has-piscolabis-font-family has-large-font-size wp-block-paragraph\"><strong>A <strong><strong><strong><strong>MUNCHHAUSEN<\/strong><\/strong><\/strong><\/strong><\/strong> <strong><strong><strong><strong><strong>\u00c0 la &#8220;Maison de la nature en f\u00eate&#8221;, au CINE du Delta de la Sauer et d&#8217;Alsace du Nord&nbsp;<\/strong><\/strong><\/strong><\/strong><\/strong><\/p>\n\n\n\n<div style=\"height:63px\" aria-hidden=\"true\" class=\"wp-block-spacer\"><\/div>\n\n\n\n<p class=\"has-text-align-center has-piscolabis-font-family has-large-font-size wp-block-paragraph\"><strong><strong>&nbsp;<strong>Dimanche 13 septembre&nbsp;d\u00e8s 10h <\/strong><\/strong><\/strong><\/p>\n\n\n\n<p class=\"has-text-align-center has-medium-font-size wp-block-paragraph\">42, rue du Rhin au Village des d\u00e9couvertes<\/p>\n\n\n\n<p class=\"has-text-align-center wp-block-paragraph\"><em>Dans le cadre des journ\u00e9es du patrimoine.<\/em><\/p>\n\n\n\n<p class=\"has-text-align-center wp-block-paragraph\"><em>Au programme<\/em> : <em>marche, visites guid\u00e9es, ateliers, d\u00e9monstrations, conf\u00e9rence, musique, spectacle.<\/em>&nbsp;<\/p>\n\n\n\n<p class=\"wp-block-paragraph\"><\/p>\n\n\n\n<div class=\"wp-block-buttons is-content-justification-center is-layout-flex wp-container-core-buttons-is-layout-fe48e5de wp-block-buttons-is-layout-flex\">\n<div class=\"wp-block-button\"><a class=\"wp-block-button__link wp-element-button\" href=\"https:\/\/www.nature-munchhausen.org\/journee-nature-et-patrimoine\/#:~:text=Ev%C3%A9nement%20%22Maison%20de%20la%20nature%20en%20f%C3%AAte%22&amp;text=Le%20dimanche%2013%20septembre%20prochain,locaux%20autour%20de%20la%20nature.\" target=\"_blank\" rel=\"noreferrer noopener\">Pour en savoir plus !<\/a><\/div>\n<\/div>\n\n\n\n<div style=\"height:30px\" aria-hidden=\"true\" class=\"wp-block-spacer\"><\/div>\n\n\n<div class=\"wp-block-image\">\n<figure class=\"aligncenter size-full is-resized\"><img loading=\"lazy\" decoding=\"async\" width=\"1024\" height=\"324\" src=\"https:\/\/hoplatransition.org\/wp-content\/uploads\/2026\/07\/CINE-Munchhausen.jpg\" alt=\"\" class=\"wp-image-3578\" style=\"aspect-ratio:1.4144661308840414;object-fit:cover;width:301px;height:auto\" srcset=\"https:\/\/hoplatransition.org\/wp-content\/uploads\/2026\/07\/CINE-Munchhausen.jpg 1024w, https:\/\/hoplatransition.org\/wp-content\/uploads\/2026\/07\/CINE-Munchhausen-300x95.jpg 300w, https:\/\/hoplatransition.org\/wp-content\/uploads\/2026\/07\/CINE-Munchhausen-768x243.jpg 768w\" sizes=\"auto, (max-width: 1024px) 100vw, 1024px\" \/><\/figure>\n<\/div>\n\n\n<div style=\"height:30px\" aria-hidden=\"true\" class=\"wp-block-spacer\"><\/div>\n<\/div>\n\n\n\n<div class=\"wp-block-column has-light-green-cyan-background-color has-background is-layout-flow wp-block-column-is-layout-flow\">\n<div style=\"height:30px\" aria-hidden=\"true\" class=\"wp-block-spacer\"><\/div>\n\n\n\n<div style=\"height:40px\" aria-hidden=\"true\" class=\"wp-block-spacer\"><\/div>\n\n\n\n<p class=\"has-text-align-center has-piscolabis-font-family has-large-font-size wp-block-paragraph\"><strong>A <strong><strong><strong>OBERNAI&nbsp;<\/strong><\/strong>a<\/strong><strong>u salon Biobernai<\/strong><\/strong><\/p>\n\n\n\n<div style=\"height:63px\" aria-hidden=\"true\" class=\"wp-block-spacer\"><\/div>\n\n\n\n<p class=\"has-text-align-center has-piscolabis-font-family has-large-font-size wp-block-paragraph\"><strong>Vendredi 18 au dimanche 20 septembre<\/strong><\/p>\n\n\n\n<p class=\"has-text-align-center has-medium-font-size wp-block-paragraph\"><\/p>\n\n\n\n<p class=\"has-text-align-center wp-block-paragraph\"><em><em>Th\u00e8me de cette ann\u00e9e : &#8220;L&#8217;enthousiasme, \u00e7a se cultive !&#8221;<\/em><\/em><\/p>\n\n\n\n<p class=\"wp-block-paragraph\"><\/p>\n\n\n\n<div class=\"wp-block-buttons is-content-justification-center is-layout-flex wp-container-core-buttons-is-layout-fe48e5de wp-block-buttons-is-layout-flex\">\n<div class=\"wp-block-button\"><a class=\"wp-block-button__link wp-element-button\" href=\"https:\/\/www.biobernai.com\/FR\/Salon-BiObernai\/Accueil.html\" target=\"_blank\" rel=\"noreferrer noopener\">Pour en savoir plus !<\/a><\/div>\n<\/div>\n\n\n\n<div style=\"height:30px\" aria-hidden=\"true\" class=\"wp-block-spacer\"><\/div>\n\n\n<div class=\"wp-block-image\">\n<figure class=\"aligncenter size-full is-resized\"><img loading=\"lazy\" decoding=\"async\" width=\"189\" height=\"267\" src=\"https:\/\/hoplatransition.org\/wp-content\/uploads\/2026\/07\/Biobernai-2026.jpg\" alt=\"\" class=\"wp-image-3579\" style=\"width:235px;height:auto\"\/><\/figure>\n<\/div>\n\n\n<div style=\"height:30px\" aria-hidden=\"true\" class=\"wp-block-spacer\"><\/div>\n<\/div>\n<\/div>\n\n\n\n<div class=\"wp-block-columns is-layout-flex wp-container-core-columns-is-layout-8f761849 wp-block-columns-is-layout-flex\">\n<div class=\"wp-block-column has-light-green-cyan-background-color has-background is-layout-flow wp-block-column-is-layout-flow\">\n<div style=\"height:30px\" aria-hidden=\"true\" class=\"wp-block-spacer\"><\/div>\n\n\n\n<div style=\"height:40px\" aria-hidden=\"true\" class=\"wp-block-spacer\"><\/div>\n\n\n\n<p class=\"has-text-align-center has-piscolabis-font-family has-large-font-size wp-block-paragraph\"><strong>A STRASBOURG<\/strong> <strong>au Port Autonome<\/strong><\/p>\n\n\n\n<div style=\"height:63px\" aria-hidden=\"true\" class=\"wp-block-spacer\"><\/div>\n\n\n\n<p class=\"has-text-align-center has-piscolabis-font-family has-large-font-size wp-block-paragraph\"><strong><strong>\u00a0<strong><strong>\u00a0Samedi 26 septembre\u00a0de 10h \u00e0 16h<\/strong><\/strong><\/strong><\/strong><\/p>\n\n\n\n<p class=\"has-text-align-center has-medium-font-size wp-block-paragraph\">au Port autonome<\/p>\n\n\n\n<p class=\"has-text-align-center wp-block-paragraph\"><em>dans le cadre des portes ouvertes du Port Autonome&nbsp;pour f\u00eater ses 100 ans!&nbsp;<\/em><\/p>\n\n\n\n<p class=\"has-text-align-center wp-block-paragraph\"><\/p>\n\n\n\n<p class=\"wp-block-paragraph\"><\/p>\n\n\n\n<div class=\"wp-block-buttons is-content-justification-center is-layout-flex wp-container-core-buttons-is-layout-fe48e5de wp-block-buttons-is-layout-flex\">\n<div class=\"wp-block-button\"><a class=\"wp-block-button__link wp-element-button\" href=\"https:\/\/www.strasbourg.port.fr\/actualites\/le-port-de-strasbourg-celebre-100-ans-dhistoire\/#:~:text=%F0%9F%93%85%20Rendez%2Dvous%20du%2023,de%20d%C3%A9veloppement%20pour%20le%20territoire.\" target=\"_blank\" rel=\"noreferrer noopener\">Pour en savoir plus !<\/a><\/div>\n<\/div>\n\n\n\n<div style=\"height:30px\" aria-hidden=\"true\" class=\"wp-block-spacer\"><\/div>\n\n\n<div class=\"wp-block-image\">\n<figure class=\"aligncenter size-full is-resized\"><img loading=\"lazy\" decoding=\"async\" width=\"530\" height=\"318\" src=\"https:\/\/hoplatransition.org\/wp-content\/uploads\/2026\/07\/Port-autonome-de-Strasbourg-100-ans.jpg\" alt=\"\" class=\"wp-image-3580\" style=\"aspect-ratio:1.4144661308840414;width:301px;height:auto\" srcset=\"https:\/\/hoplatransition.org\/wp-content\/uploads\/2026\/07\/Port-autonome-de-Strasbourg-100-ans.jpg 530w, https:\/\/hoplatransition.org\/wp-content\/uploads\/2026\/07\/Port-autonome-de-Strasbourg-100-ans-300x180.jpg 300w\" sizes=\"auto, (max-width: 530px) 100vw, 530px\" \/><\/figure>\n<\/div>\n\n\n<div style=\"height:30px\" aria-hidden=\"true\" class=\"wp-block-spacer\"><\/div>\n<\/div>\n\n\n\n<div class=\"wp-block-column has-light-green-cyan-background-color has-background is-layout-flow wp-block-column-is-layout-flow\">\n<div style=\"height:30px\" aria-hidden=\"true\" class=\"wp-block-spacer\"><\/div>\n\n\n\n<div style=\"height:40px\" aria-hidden=\"true\" class=\"wp-block-spacer\"><\/div>\n\n\n\n<p class=\"has-text-align-center has-piscolabis-font-family has-large-font-size wp-block-paragraph\"><strong>A <strong><strong><strong><strong>DURMENACH<\/strong><\/strong><\/strong><\/strong><\/strong> <strong><strong><strong>au Festival des Initiatives&nbsp;<\/strong><\/strong><\/strong><\/p>\n\n\n\n<div style=\"height:63px\" aria-hidden=\"true\" class=\"wp-block-spacer\"><\/div>\n\n\n\n<p class=\"has-text-align-center has-piscolabis-font-family has-large-font-size wp-block-paragraph\"><strong><strong>Samedi 26 septembre\u00a0de 9h30 \u00e0 18h<\/strong><\/strong><\/p>\n\n\n\n<p class=\"has-text-align-center has-medium-font-size wp-block-paragraph\"><\/p>\n\n\n\n<p class=\"has-text-align-center wp-block-paragraph\"><em><em><em>Au programme : conf\u00e9rences, forum ouvert, ateliers, animations, village des initiatives,&#8230;<\/em><\/em><\/em><\/p>\n\n\n\n<p class=\"wp-block-paragraph\"><\/p>\n\n\n\n<div class=\"wp-block-buttons is-content-justification-center is-layout-flex wp-container-core-buttons-is-layout-fe48e5de wp-block-buttons-is-layout-flex\">\n<div class=\"wp-block-button\"><a class=\"wp-block-button__link wp-element-button\" href=\"https:\/\/www.facebook.com\/events\/994670640228022\" target=\"_blank\" rel=\"noreferrer noopener\">Pour en savoir plus !<\/a><\/div>\n<\/div>\n\n\n\n<div style=\"height:30px\" aria-hidden=\"true\" class=\"wp-block-spacer\"><\/div>\n\n\n<div class=\"wp-block-image\">\n<figure class=\"aligncenter size-full is-resized\"><img loading=\"lazy\" decoding=\"async\" width=\"905\" height=\"1280\" src=\"https:\/\/hoplatransition.org\/wp-content\/uploads\/2026\/07\/Durmenach-Festival-des-Initiatives-2026.jpg\" alt=\"\" class=\"wp-image-3581\" style=\"aspect-ratio:0.7070469523366786;object-fit:cover;width:212px;height:auto\" srcset=\"https:\/\/hoplatransition.org\/wp-content\/uploads\/2026\/07\/Durmenach-Festival-des-Initiatives-2026.jpg 905w, https:\/\/hoplatransition.org\/wp-content\/uploads\/2026\/07\/Durmenach-Festival-des-Initiatives-2026-212x300.jpg 212w, https:\/\/hoplatransition.org\/wp-content\/uploads\/2026\/07\/Durmenach-Festival-des-Initiatives-2026-724x1024.jpg 724w, https:\/\/hoplatransition.org\/wp-content\/uploads\/2026\/07\/Durmenach-Festival-des-Initiatives-2026-768x1086.jpg 768w\" sizes=\"auto, (max-width: 905px) 100vw, 905px\" \/><\/figure>\n<\/div>\n\n\n<div style=\"height:30px\" aria-hidden=\"true\" class=\"wp-block-spacer\"><\/div>\n<\/div>\n<\/div>\n\n\n\n<div class=\"wp-block-columns is-layout-flex wp-container-core-columns-is-layout-8f761849 wp-block-columns-is-layout-flex\">\n<div class=\"wp-block-column has-light-green-cyan-background-color has-background is-layout-flow wp-block-column-is-layout-flow\">\n<div style=\"height:30px\" aria-hidden=\"true\" class=\"wp-block-spacer\"><\/div>\n\n\n\n<div style=\"height:40px\" aria-hidden=\"true\" class=\"wp-block-spacer\"><\/div>\n\n\n\n<p class=\"has-text-align-center has-piscolabis-font-family has-large-font-size wp-block-paragraph\"><strong>A LORENTZEN <strong>\u00e0 la F\u00eate d&#8217;automne<\/strong><\/strong><\/p>\n\n\n\n<div style=\"height:63px\" aria-hidden=\"true\" class=\"wp-block-spacer\"><\/div>\n\n\n\n<p class=\"has-text-align-center has-piscolabis-font-family has-large-font-size wp-block-paragraph\"><strong><strong>&nbsp;<strong><strong>&nbsp;<strong>Dimanche 4 octobre&nbsp;de 8h \u00e0 17h<\/strong><\/strong> <\/strong><\/strong><\/strong><\/p>\n\n\n\n<p class=\"has-text-align-center has-medium-font-size wp-block-paragraph\">\u00e0 la Grange aux Paysages&nbsp;(90, rue Principale)<\/p>\n\n\n\n<p class=\"has-text-align-center wp-block-paragraph\"><em><em>Au programme&nbsp;:&nbsp;ateliers, spectacles, d\u00e9monstration de pressage de jus de pommes, troc-plantes, \u2026<\/em><\/em><\/p>\n\n\n\n<p class=\"has-text-align-center wp-block-paragraph\"><\/p>\n\n\n\n<p class=\"wp-block-paragraph\"><\/p>\n\n\n\n<div class=\"wp-block-buttons is-content-justification-center is-layout-flex wp-container-core-buttons-is-layout-fe48e5de wp-block-buttons-is-layout-flex\">\n<div class=\"wp-block-button\"><a class=\"wp-block-button__link wp-element-button\" href=\"https:\/\/www.grangeauxpaysages.fr\/agenda\/fete-dautomne\/\" target=\"_blank\" rel=\"noreferrer noopener\">Pour en savoir plus !<\/a><\/div>\n<\/div>\n\n\n\n<div style=\"height:30px\" aria-hidden=\"true\" class=\"wp-block-spacer\"><\/div>\n\n\n<div class=\"wp-block-image\">\n<figure class=\"aligncenter size-full is-resized\"><img loading=\"lazy\" decoding=\"async\" width=\"1024\" height=\"769\" src=\"https:\/\/hoplatransition.org\/wp-content\/uploads\/2026\/07\/Fete-dautomne-Grange-aux-paysages.jpg\" alt=\"\" class=\"wp-image-3582\" style=\"aspect-ratio:1.4144661308840414;width:301px;height:auto\" srcset=\"https:\/\/hoplatransition.org\/wp-content\/uploads\/2026\/07\/Fete-dautomne-Grange-aux-paysages.jpg 1024w, https:\/\/hoplatransition.org\/wp-content\/uploads\/2026\/07\/Fete-dautomne-Grange-aux-paysages-300x225.jpg 300w, https:\/\/hoplatransition.org\/wp-content\/uploads\/2026\/07\/Fete-dautomne-Grange-aux-paysages-768x577.jpg 768w\" sizes=\"auto, (max-width: 1024px) 100vw, 1024px\" \/><\/figure>\n<\/div>\n\n\n<div style=\"height:30px\" aria-hidden=\"true\" class=\"wp-block-spacer\"><\/div>\n<\/div>\n\n\n\n<div class=\"wp-block-column has-light-green-cyan-background-color has-background is-layout-flow wp-block-column-is-layout-flow\">\n<div style=\"height:30px\" aria-hidden=\"true\" class=\"wp-block-spacer\"><\/div>\n\n\n\n<div style=\"height:40px\" aria-hidden=\"true\" class=\"wp-block-spacer\"><\/div>\n\n\n\n<p class=\"has-text-align-center has-piscolabis-font-family has-large-font-size wp-block-paragraph\"><strong>A OBERNAI&nbsp;<strong><strong><strong>\u00e0 la Foul\u00e9e Rose&nbsp;<\/strong><\/strong><\/strong><\/strong><\/p>\n\n\n\n<div style=\"height:63px\" aria-hidden=\"true\" class=\"wp-block-spacer\"><\/div>\n\n\n\n<p class=\"has-text-align-center has-piscolabis-font-family has-large-font-size wp-block-paragraph\"><strong><strong><strong>Dimanche 11 octobre&nbsp;de 9h30 \u00e0 15h30<\/strong><\/strong><\/strong><\/p>\n\n\n\n<p class=\"has-text-align-center has-medium-font-size wp-block-paragraph\">Halle Gruber, parking des Remparts<\/p>\n\n\n\n<p class=\"has-text-align-center wp-block-paragraph\"><em>1\u00e8re participation de Hop&#8217; La Transition \u00e0 cet \u00e9v\u00e9nement, parce que&nbsp;prendre&nbsp;soin de notre environnement c\u2019est aussi prendre soin de notre sant\u00e9.<\/em><\/p>\n\n\n\n<p class=\"wp-block-paragraph\"><\/p>\n\n\n\n<div class=\"wp-block-buttons is-content-justification-center is-layout-flex wp-container-core-buttons-is-layout-fe48e5de wp-block-buttons-is-layout-flex\">\n<div class=\"wp-block-button\"><a class=\"wp-block-button__link wp-element-button\" href=\"https:\/\/lafouleerose.fr\/soutenir-les-associations-porteuses-de-sens\/\" target=\"_blank\" rel=\"noreferrer noopener\">Pour en savoir plus !<\/a><\/div>\n<\/div>\n\n\n\n<div style=\"height:30px\" aria-hidden=\"true\" class=\"wp-block-spacer\"><\/div>\n\n\n<div class=\"wp-block-image\">\n<figure class=\"aligncenter size-full is-resized\"><img loading=\"lazy\" decoding=\"async\" width=\"375\" height=\"533\" src=\"https:\/\/hoplatransition.org\/wp-content\/uploads\/2026\/07\/Foulee-rose-Obernai-2026.jpg\" alt=\"\" class=\"wp-image-3583\" style=\"object-fit:cover;width:235px;height:auto\" srcset=\"https:\/\/hoplatransition.org\/wp-content\/uploads\/2026\/07\/Foulee-rose-Obernai-2026.jpg 375w, https:\/\/hoplatransition.org\/wp-content\/uploads\/2026\/07\/Foulee-rose-Obernai-2026-211x300.jpg 211w\" sizes=\"auto, (max-width: 375px) 100vw, 375px\" \/><\/figure>\n<\/div>\n\n\n<div style=\"height:30px\" aria-hidden=\"true\" class=\"wp-block-spacer\"><\/div>\n<\/div>\n<\/div>\n\n\n\n<div style=\"height:27px\" aria-hidden=\"true\" class=\"wp-block-spacer\"><\/div>\n\n\n\n<figure class=\"wp-block-gallery has-nested-images columns-default is-cropped wp-block-gallery-1 is-layout-flex wp-block-gallery-is-layout-flex\">\n<figure class=\"wp-block-image size-full\"><img loading=\"lazy\" decoding=\"async\" width=\"828\" height=\"553\" data-id=\"298\" src=\"http:\/\/hoplatransition.org\/wp-content\/uploads\/2022\/08\/Photo-12-05-2022-10-52-58.jpg\" alt=\"\" class=\"wp-image-298\" srcset=\"https:\/\/hoplatransition.org\/wp-content\/uploads\/2022\/08\/Photo-12-05-2022-10-52-58.jpg 828w, https:\/\/hoplatransition.org\/wp-content\/uploads\/2022\/08\/Photo-12-05-2022-10-52-58-300x200.jpg 300w, https:\/\/hoplatransition.org\/wp-content\/uploads\/2022\/08\/Photo-12-05-2022-10-52-58-768x513.jpg 768w\" sizes=\"auto, (max-width: 828px) 100vw, 828px\" \/><\/figure>\n\n\n\n<figure class=\"wp-block-image size-large\"><img loading=\"lazy\" decoding=\"async\" width=\"1024\" height=\"498\" data-id=\"1897\" src=\"http:\/\/hoplatransition.org\/wp-content\/uploads\/2023\/09\/photo_2022-09-26_15-13-07-1024x498.jpg\" alt=\"\" class=\"wp-image-1897\" srcset=\"https:\/\/hoplatransition.org\/wp-content\/uploads\/2023\/09\/photo_2022-09-26_15-13-07-1024x498.jpg 1024w, https:\/\/hoplatransition.org\/wp-content\/uploads\/2023\/09\/photo_2022-09-26_15-13-07-300x146.jpg 300w, https:\/\/hoplatransition.org\/wp-content\/uploads\/2023\/09\/photo_2022-09-26_15-13-07-768x373.jpg 768w, https:\/\/hoplatransition.org\/wp-content\/uploads\/2023\/09\/photo_2022-09-26_15-13-07.jpg 1280w\" sizes=\"auto, (max-width: 1024px) 100vw, 1024px\" \/><\/figure>\n\n\n\n<figure class=\"wp-block-image size-large\"><img loading=\"lazy\" decoding=\"async\" width=\"1024\" height=\"768\" data-id=\"839\" src=\"http:\/\/hoplatransition.org\/wp-content\/uploads\/2023\/01\/Photo-18-09-2021-15-32-10-2-1024x768.jpg\" alt=\"\" class=\"wp-image-839\" srcset=\"https:\/\/hoplatransition.org\/wp-content\/uploads\/2023\/01\/Photo-18-09-2021-15-32-10-2-1024x768.jpg 1024w, https:\/\/hoplatransition.org\/wp-content\/uploads\/2023\/01\/Photo-18-09-2021-15-32-10-2-300x225.jpg 300w, https:\/\/hoplatransition.org\/wp-content\/uploads\/2023\/01\/Photo-18-09-2021-15-32-10-2-768x576.jpg 768w, https:\/\/hoplatransition.org\/wp-content\/uploads\/2023\/01\/Photo-18-09-2021-15-32-10-2-1536x1152.jpg 1536w, https:\/\/hoplatransition.org\/wp-content\/uploads\/2023\/01\/Photo-18-09-2021-15-32-10-2-2048x1536.jpg 2048w\" sizes=\"auto, (max-width: 1024px) 100vw, 1024px\" \/><\/figure>\n<\/figure>\n\n\n\n<div style=\"height:40px\" aria-hidden=\"true\" class=\"wp-block-spacer\"><\/div>\n\n\n\n<p class=\"has-medium-font-size wp-block-paragraph\">Et retrouvez tous les \u00e9v\u00e9nements sur nos calendriers :<\/p>\n\n\n\n<div class=\"wp-block-columns is-layout-flex wp-container-core-columns-is-layout-8f761849 wp-block-columns-is-layout-flex\">\n<div class=\"wp-block-column is-layout-flow wp-block-column-is-layout-flow\">\n<div class=\"wp-block-buttons is-content-justification-center is-layout-flex wp-container-core-buttons-is-layout-fe48e5de wp-block-buttons-is-layout-flex\">\n<div class=\"wp-block-button has-custom-width wp-block-button__width-25 is-style-outline is-style-outline--2\"><a class=\"wp-block-button__link has-white-background-color has-background wp-element-button\" href=\"https:\/\/framagenda.org\/apps\/calendar\/p\/om7aaGFkaiYQexK3\" style=\"border-radius:0px\" target=\"_blank\" rel=\"noreferrer noopener\">Pour le  Bas-Rhin !<\/a><\/div>\n\n\n\n<div class=\"wp-block-button has-custom-width wp-block-button__width-25 is-style-outline is-style-outline--3\"><a class=\"wp-block-button__link has-white-background-color has-background wp-element-button\" href=\"https:\/\/framagenda.org\/apps\/calendar\/p\/MWo8oxSrLaZDLzgs\" style=\"border-radius:0px\" target=\"_blank\" rel=\"noreferrer noopener\">Pour le  Haut-Rhin !<\/a><\/div>\n<\/div>\n<\/div>\n<\/div>\n","protected":false},"excerpt":{"rendered":"<p>RETROUVEZ-NOUS PROCHAINEMENT LORS D&#8217;EVENEMENTS EN ALSACE ! Les b\u00e9n\u00e9voles de l\u2019association tiennent r\u00e9guli\u00e8rement des stands ou des conf\u00e9rences lors d&#8217;\u00e9v\u00e8nements. Retrouvez-nous sur nos stands partout en Alsace. Nous avons h\u00e2te de vous y retrouver ! A KINGERSHEIM au &#8220;Festival de l&#8217;Avenir&#8221; &nbsp;Samedi 29 ao\u00fbt&nbsp;de 14h \u00e0 15h au Sheds (2a rue d&#8217;Illzach) Nous animerons un [&hellip;]<\/p>\n","protected":false},"author":1,"featured_media":0,"parent":0,"menu_order":0,"comment_status":"closed","ping_status":"closed","template":"","meta":{"_seopress_robots_primary_cat":"","_mc_calendar":[],"footnotes":""},"class_list":["post-2021","page","type-page","status-publish","hentry"],"_links":{"self":[{"href":"https:\/\/hoplatransition.org\/index.php\/wp-json\/wp\/v2\/pages\/2021","targetHints":{"allow":["GET"]}}],"collection":[{"href":"https:\/\/hoplatransition.org\/index.php\/wp-json\/wp\/v2\/pages"}],"about":[{"href":"https:\/\/hoplatransition.org\/index.php\/wp-json\/wp\/v2\/types\/page"}],"author":[{"embeddable":true,"href":"https:\/\/hoplatransition.org\/index.php\/wp-json\/wp\/v2\/users\/1"}],"replies":[{"embeddable":true,"href":"https:\/\/hoplatransition.org\/index.php\/wp-json\/wp\/v2\/comments?post=2021"}],"version-history":[{"count":79,"href":"https:\/\/hoplatransition.org\/index.php\/wp-json\/wp\/v2\/pages\/2021\/revisions"}],"predecessor-version":[{"id":3602,"href":"https:\/\/hoplatransition.org\/index.php\/wp-json\/wp\/v2\/pages\/2021\/revisions\/3602"}],"wp:attachment":[{"href":"https:\/\/hoplatransition.org\/index.php\/wp-json\/wp\/v2\/media?parent=2021"}],"curies":[{"name":"wp","href":"https:\/\/api.w.org\/{rel}","templated":true}]}}